{"id":409,"date":"2021-08-19T10:17:55","date_gmt":"2021-08-19T08:17:55","guid":{"rendered":"http:\/\/van-conversion-icor.com\/409-2\/"},"modified":"2023-09-29T10:56:12","modified_gmt":"2023-09-29T08:56:12","slug":"409-2","status":"publish","type":"page","link":"https:\/\/van-conversion-icor.com\/de\/409-2\/","title":{"rendered":"Umbauteile f\u00fcr den Camper- Umbau und Ausbau"},"content":{"rendered":"\t\t<div data-elementor-type=\"wp-page\" data-elementor-id=\"409\" class=\"elementor elementor-409\" data-elementor-post-type=\"page\">\n\t\t\t\t\t\t<section class=\"elementor-section elementor-top-section elementor-element elementor-element-65eeb62 elementor-section-full_width elementor-section-height-min-height elementor-section-stretched elementor-section-height-default elementor-section-items-middle\" data-id=\"65eeb62\" data-element_type=\"section\" data-e-type=\"section\" data-settings=\"{&quot;stretch_section&quot;:&quot;section-stretched&quot;,&quot;background_background&quot;:&quot;classic&quot;}\">\n\t\t\t\t\t\t\t<div class=\"elementor-background-overlay\"><\/div>\n\t\t\t\t\t\t\t<div class=\"elementor-container elementor-column-gap-default\">\n\t\t\t\t\t<div class=\"elementor-column elementor-col-100 elementor-top-column elementor-element elementor-element-5772676\" data-id=\"5772676\" data-element_type=\"column\" data-e-type=\"column\">\n\t\t\t<div class=\"elementor-widget-wrap elementor-element-populated\">\n\t\t\t\t\t\t<div class=\"elementor-element elementor-element-d371f67 elementor-widget elementor-widget-heading\" data-id=\"d371f67\" data-element_type=\"widget\" data-e-type=\"widget\" data-widget_type=\"heading.default\">\n\t\t\t\t<div class=\"elementor-widget-container\">\n\t\t\t\t\t<h1 class=\"elementor-heading-title elementor-size-medium\">L\u00f6sungen f\u00fcr den professionellen Ausbau von Wohnmobilen<\/h1>\t\t\t\t<\/div>\n\t\t\t\t<\/div>\n\t\t\t\t<div class=\"elementor-element elementor-element-2a4dadb elementor-widget elementor-widget-heading\" data-id=\"2a4dadb\" data-element_type=\"widget\" data-e-type=\"widget\" data-widget_type=\"heading.default\">\n\t\t\t\t<div class=\"elementor-widget-container\">\n\t\t\t\t\t<h2 class=\"elementor-heading-title elementor-size-xl\">Umbauteile f\u00fcr den Camper- Umbau und Ausbau\nby ICOR<\/h2>\t\t\t\t<\/div>\n\t\t\t\t<\/div>\n\t\t\t\t\t<\/div>\n\t\t<\/div>\n\t\t\t\t\t<\/div>\n\t\t<\/section>\n\t\t\t\t<section class=\"elementor-section elementor-top-section elementor-element elementor-element-1259dc62 elementor-section-content-middle elementor-reverse-tablet elementor-reverse-mobile elementor-section-boxed elementor-section-height-default elementor-section-height-default\" data-id=\"1259dc62\" data-element_type=\"section\" data-e-type=\"section\">\n\t\t\t\t\t\t<div class=\"elementor-container elementor-column-gap-no\">\n\t\t\t\t\t<div class=\"elementor-column elementor-col-50 elementor-top-column elementor-element elementor-element-1a788418\" data-id=\"1a788418\" data-element_type=\"column\" data-e-type=\"column\">\n\t\t\t<div class=\"elementor-widget-wrap elementor-element-populated\">\n\t\t\t\t\t\t<div class=\"elementor-element elementor-element-6ef2c4ae elementor-widget-mobile__width-initial elementor-widget elementor-widget-image\" data-id=\"6ef2c4ae\" data-element_type=\"widget\" data-e-type=\"widget\" data-widget_type=\"image.default\">\n\t\t\t\t<div class=\"elementor-widget-container\">\n\t\t\t\t\t\t\t\t\t\t\t\t\t\t\t<img fetchpriority=\"high\" decoding=\"async\" width=\"1024\" height=\"576\" src=\"https:\/\/van-conversion-icor.com\/wp-content\/uploads\/2023\/01\/loc8-table-icor-1024x576.jpg\" class=\"attachment-large size-large wp-image-1960\" alt=\"loc8 table icor\" srcset=\"https:\/\/van-conversion-icor.com\/wp-content\/uploads\/2023\/01\/loc8-table-icor-1024x576.jpg 1024w, https:\/\/van-conversion-icor.com\/wp-content\/uploads\/2023\/01\/loc8-table-icor-300x169.jpg 300w, https:\/\/van-conversion-icor.com\/wp-content\/uploads\/2023\/01\/loc8-table-icor-768x432.jpg 768w, https:\/\/van-conversion-icor.com\/wp-content\/uploads\/2023\/01\/loc8-table-icor-1536x864.jpg 1536w, https:\/\/van-conversion-icor.com\/wp-content\/uploads\/2023\/01\/loc8-table-icor.jpg 1920w\" sizes=\"(max-width: 1024px) 100vw, 1024px\" \/>\t\t\t\t\t\t\t\t\t\t\t\t\t\t\t<\/div>\n\t\t\t\t<\/div>\n\t\t\t\t<div class=\"elementor-element elementor-element-da94742 elementor-widget-mobile__width-initial elementor-widget elementor-widget-image\" data-id=\"da94742\" data-element_type=\"widget\" data-e-type=\"widget\" data-widget_type=\"image.default\">\n\t\t\t\t<div class=\"elementor-widget-container\">\n\t\t\t\t\t\t\t\t\t\t\t\t\t\t\t<img decoding=\"async\" width=\"1024\" height=\"576\" src=\"https:\/\/van-conversion-icor.com\/wp-content\/uploads\/2023\/01\/vanshades-chair-pods-icor-1024x576.jpg\" class=\"attachment-large size-large wp-image-1954\" alt=\"vanshades-chair-pods-icor\" srcset=\"https:\/\/van-conversion-icor.com\/wp-content\/uploads\/2023\/01\/vanshades-chair-pods-icor-1024x576.jpg 1024w, https:\/\/van-conversion-icor.com\/wp-content\/uploads\/2023\/01\/vanshades-chair-pods-icor-300x169.jpg 300w, https:\/\/van-conversion-icor.com\/wp-content\/uploads\/2023\/01\/vanshades-chair-pods-icor-768x432.jpg 768w, https:\/\/van-conversion-icor.com\/wp-content\/uploads\/2023\/01\/vanshades-chair-pods-icor-1536x864.jpg 1536w, https:\/\/van-conversion-icor.com\/wp-content\/uploads\/2023\/01\/vanshades-chair-pods-icor.jpg 1920w\" sizes=\"(max-width: 1024px) 100vw, 1024px\" \/>\t\t\t\t\t\t\t\t\t\t\t\t\t\t\t<\/div>\n\t\t\t\t<\/div>\n\t\t\t\t\t<\/div>\n\t\t<\/div>\n\t\t\t\t<div class=\"elementor-column elementor-col-50 elementor-top-column elementor-element elementor-element-1b658354\" data-id=\"1b658354\" data-element_type=\"column\" data-e-type=\"column\">\n\t\t\t<div class=\"elementor-widget-wrap elementor-element-populated\">\n\t\t\t\t\t\t<div class=\"elementor-element elementor-element-11cd6283 elementor-widget__width-initial elementor-widget elementor-widget-heading\" data-id=\"11cd6283\" data-element_type=\"widget\" data-e-type=\"widget\" data-widget_type=\"heading.default\">\n\t\t\t\t<div class=\"elementor-widget-container\">\n\t\t\t\t\t<h3 class=\"elementor-heading-title elementor-size-default\">Der Loc8 tisch  f\u00fcr VW T5 &amp; T6 <br><\/h3>\t\t\t\t<\/div>\n\t\t\t\t<\/div>\n\t\t\t\t<div class=\"elementor-element elementor-element-77c4a450 elementor-widget__width-initial elementor-widget elementor-widget-text-editor\" data-id=\"77c4a450\" data-element_type=\"widget\" data-e-type=\"widget\" data-widget_type=\"text-editor.default\">\n\t\t\t\t<div class=\"elementor-widget-container\">\n\t\t\t\t\t\t\t\t\t<p>Das Loc8 Tischsystem. Eine innovative Camper-L\u00f6sung passend f\u00fcr VW T5 und T6.<\/p>\t\t\t\t\t\t\t\t<\/div>\n\t\t\t\t<\/div>\n\t\t\t\t<div class=\"elementor-element elementor-element-656a871 elementor-widget__width-initial elementor-widget elementor-widget-heading\" data-id=\"656a871\" data-element_type=\"widget\" data-e-type=\"widget\" data-widget_type=\"heading.default\">\n\t\t\t\t<div class=\"elementor-widget-container\">\n\t\t\t\t\t<h3 class=\"elementor-heading-title elementor-size-default\">Der Chair Podf\u00fcr die Heckklappe  f\u00fcr VW T5 &amp; T6 <br><\/h3>\t\t\t\t<\/div>\n\t\t\t\t<\/div>\n\t\t\t\t<div class=\"elementor-element elementor-element-7040796 elementor-widget elementor-widget-text-editor\" data-id=\"7040796\" data-element_type=\"widget\" data-e-type=\"widget\" data-widget_type=\"text-editor.default\">\n\t\t\t\t<div class=\"elementor-widget-container\">\n\t\t\t\t\t\t\t\t\t<p>Unsere Erfahrungen mit fr\u00fcheren Chair Pod Versionen f\u00fchrten zu einem verbesserten Design. Statt einer Segeltuch-Stofftasche ist der neue Chair Pod jetzt aus vakuumgeformtem Kunststoff gefertigt und bietet Platz f\u00fcr zwei Vanshades Campingst\u00fchle.<\/p>\t\t\t\t\t\t\t\t<\/div>\n\t\t\t\t<\/div>\n\t\t\t\t<div class=\"elementor-element elementor-element-6a4382fc elementor-mobile-align-center elementor-widget elementor-widget-button\" data-id=\"6a4382fc\" data-element_type=\"widget\" data-e-type=\"widget\" data-widget_type=\"button.default\">\n\t\t\t\t<div class=\"elementor-widget-container\">\n\t\t\t\t\t\t\t\t\t<div class=\"elementor-button-wrapper\">\n\t\t\t\t\t<a class=\"elementor-button elementor-button-link elementor-size-sm\" href=\"https:\/\/van-conversion-icor.com\/chairs-pods-vanshades-loc8-table\/\">\n\t\t\t\t\t\t<span class=\"elementor-button-content-wrapper\">\n\t\t\t\t\t\t\t\t\t<span class=\"elementor-button-text\">More information<\/span>\n\t\t\t\t\t<\/span>\n\t\t\t\t\t<\/a>\n\t\t\t\t<\/div>\n\t\t\t\t\t\t\t\t<\/div>\n\t\t\t\t<\/div>\n\t\t\t\t\t<\/div>\n\t\t<\/div>\n\t\t\t\t\t<\/div>\n\t\t<\/section>\n\t\t\t\t<section class=\"elementor-section elementor-top-section elementor-element elementor-element-146ee952 elementor-section-height-min-height elementor-section-items-stretch elementor-section-content-middle elementor-section-boxed elementor-section-height-default\" data-id=\"146ee952\" data-element_type=\"section\" data-e-type=\"section\" data-settings=\"{&quot;background_background&quot;:&quot;classic&quot;}\">\n\t\t\t\t\t\t<div class=\"elementor-container elementor-column-gap-no\">\n\t\t\t\t\t<div class=\"elementor-column elementor-col-50 elementor-top-column elementor-element elementor-element-72bc6e18\" data-id=\"72bc6e18\" data-element_type=\"column\" data-e-type=\"column\">\n\t\t\t<div class=\"elementor-widget-wrap elementor-element-populated\">\n\t\t\t\t\t\t<div class=\"elementor-element elementor-element-7f79e2cf elementor-widget elementor-widget-heading\" data-id=\"7f79e2cf\" data-element_type=\"widget\" data-e-type=\"widget\" data-widget_type=\"heading.default\">\n\t\t\t\t<div class=\"elementor-widget-container\">\n\t\t\t\t\t<h3 class=\"elementor-heading-title elementor-size-default\">Der Vanshades Original Window Pod\u00ae<\/h3>\t\t\t\t<\/div>\n\t\t\t\t<\/div>\n\t\t\t\t<div class=\"elementor-element elementor-element-7cfc926 elementor-widget elementor-widget-text-editor\" data-id=\"7cfc926\" data-element_type=\"widget\" data-e-type=\"widget\" data-widget_type=\"text-editor.default\">\n\t\t\t\t<div class=\"elementor-widget-container\">\n\t\t\t\t\t\t\t\t\t<p><strong>Was ist ein Window-Pod?<\/strong><\/p><p>Als geschmackvolle Alternative zu Vorh\u00e4ngen verleiht Window Pod\u00ae Ihrem individuellen Interieur ein makelloses, modernes Finish und bietet gleichzeitig Verdunkelungs- und W\u00e4rmeeigenschaften.<\/p><p>Unser einfach zu installierendes Window Pod\u00ae-System mit verdunkelndem Zellular-Thermogewebe eignet sich f\u00fcr den Einsatz in der Umbauphase oder zum Nachr\u00fcsten bestehender Umbauten.<\/p>\t\t\t\t\t\t\t\t<\/div>\n\t\t\t\t<\/div>\n\t\t\t\t<div class=\"elementor-element elementor-element-3d54f22f elementor-mobile-align-center elementor-align-center elementor-widget elementor-widget-button\" data-id=\"3d54f22f\" data-element_type=\"widget\" data-e-type=\"widget\" data-widget_type=\"button.default\">\n\t\t\t\t<div class=\"elementor-widget-container\">\n\t\t\t\t\t\t\t\t\t<div class=\"elementor-button-wrapper\">\n\t\t\t\t\t<a class=\"elementor-button elementor-button-link elementor-size-sm\" href=\"https:\/\/van-conversion-icor.com\/window-pod-icor-sa\/\">\n\t\t\t\t\t\t<span class=\"elementor-button-content-wrapper\">\n\t\t\t\t\t\t\t\t\t<span class=\"elementor-button-text\">Mehr Informationen<\/span>\n\t\t\t\t\t<\/span>\n\t\t\t\t\t<\/a>\n\t\t\t\t<\/div>\n\t\t\t\t\t\t\t\t<\/div>\n\t\t\t\t<\/div>\n\t\t\t\t\t<\/div>\n\t\t<\/div>\n\t\t\t\t<div class=\"elementor-column elementor-col-50 elementor-top-column elementor-element elementor-element-1d8e130e\" data-id=\"1d8e130e\" data-element_type=\"column\" data-e-type=\"column\">\n\t\t\t<div class=\"elementor-widget-wrap elementor-element-populated\">\n\t\t\t\t\t\t<div class=\"elementor-element elementor-element-11a83dcd elementor-widget elementor-widget-image\" data-id=\"11a83dcd\" data-element_type=\"widget\" data-e-type=\"widget\" data-widget_type=\"image.default\">\n\t\t\t\t<div class=\"elementor-widget-container\">\n\t\t\t\t\t\t\t\t\t\t\t\t\t\t\t<img decoding=\"async\" width=\"2560\" height=\"1752\" src=\"https:\/\/van-conversion-icor.com\/wp-content\/uploads\/2021\/08\/duo3-scaled.jpg\" class=\"attachment-full size-full wp-image-573\" alt=\"windowpods-duo-vanshades\" srcset=\"https:\/\/van-conversion-icor.com\/wp-content\/uploads\/2021\/08\/duo3-scaled.jpg 2560w, https:\/\/van-conversion-icor.com\/wp-content\/uploads\/2021\/08\/duo3-300x205.jpg 300w, https:\/\/van-conversion-icor.com\/wp-content\/uploads\/2021\/08\/duo3-1024x701.jpg 1024w, https:\/\/van-conversion-icor.com\/wp-content\/uploads\/2021\/08\/duo3-768x526.jpg 768w, https:\/\/van-conversion-icor.com\/wp-content\/uploads\/2021\/08\/duo3-1536x1051.jpg 1536w, https:\/\/van-conversion-icor.com\/wp-content\/uploads\/2021\/08\/duo3-2048x1402.jpg 2048w\" sizes=\"(max-width: 2560px) 100vw, 2560px\" \/>\t\t\t\t\t\t\t\t\t\t\t\t\t\t\t<\/div>\n\t\t\t\t<\/div>\n\t\t\t\t\t<\/div>\n\t\t<\/div>\n\t\t\t\t\t<\/div>\n\t\t<\/section>\n\t\t\t\t<section class=\"elementor-section elementor-top-section elementor-element elementor-element-757df643 elementor-section-content-middle elementor-reverse-tablet elementor-reverse-mobile elementor-section-boxed elementor-section-height-default elementor-section-height-default\" data-id=\"757df643\" data-element_type=\"section\" data-e-type=\"section\">\n\t\t\t\t\t\t<div class=\"elementor-container elementor-column-gap-no\">\n\t\t\t\t\t<div class=\"elementor-column elementor-col-25 elementor-top-column elementor-element elementor-element-483b8b6c\" data-id=\"483b8b6c\" data-element_type=\"column\" data-e-type=\"column\">\n\t\t\t<div class=\"elementor-widget-wrap elementor-element-populated\">\n\t\t\t\t\t\t<div class=\"elementor-element elementor-element-15421cbb elementor-widget elementor-widget-image\" data-id=\"15421cbb\" data-element_type=\"widget\" data-e-type=\"widget\" data-widget_type=\"image.default\">\n\t\t\t\t<div class=\"elementor-widget-container\">\n\t\t\t\t\t\t\t\t\t\t\t\t\t\t\t<img loading=\"lazy\" decoding=\"async\" width=\"300\" height=\"257\" src=\"https:\/\/van-conversion-icor.com\/wp-content\/uploads\/2021\/08\/BRS2177-300x257.jpg\" class=\"attachment-medium size-medium wp-image-563\" alt=\"BRS2177 BLACK PVC FLEXIBLE GRIP PROFILE\" srcset=\"https:\/\/van-conversion-icor.com\/wp-content\/uploads\/2021\/08\/BRS2177-300x257.jpg 300w, https:\/\/van-conversion-icor.com\/wp-content\/uploads\/2021\/08\/BRS2177.jpg 720w\" sizes=\"(max-width: 300px) 100vw, 300px\" \/>\t\t\t\t\t\t\t\t\t\t\t\t\t\t\t<\/div>\n\t\t\t\t<\/div>\n\t\t\t\t<div class=\"elementor-element elementor-element-39b85358 elementor-widget elementor-widget-image\" data-id=\"39b85358\" data-element_type=\"widget\" data-e-type=\"widget\" data-widget_type=\"image.default\">\n\t\t\t\t<div class=\"elementor-widget-container\">\n\t\t\t\t\t\t\t\t\t\t\t\t\t\t\t<img loading=\"lazy\" decoding=\"async\" width=\"778\" height=\"1024\" src=\"https:\/\/van-conversion-icor.com\/wp-content\/uploads\/2021\/08\/BRS2368-778x1024.jpg\" class=\"attachment-large size-large wp-image-553\" alt=\"BRS2368 SELF GRIP PVC \u00abU\u00bb Universal Edge\" srcset=\"https:\/\/van-conversion-icor.com\/wp-content\/uploads\/2021\/08\/BRS2368-778x1024.jpg 778w, https:\/\/van-conversion-icor.com\/wp-content\/uploads\/2021\/08\/BRS2368-228x300.jpg 228w, https:\/\/van-conversion-icor.com\/wp-content\/uploads\/2021\/08\/BRS2368-768x1010.jpg 768w, https:\/\/van-conversion-icor.com\/wp-content\/uploads\/2021\/08\/BRS2368.jpg 827w\" sizes=\"(max-width: 778px) 100vw, 778px\" \/>\t\t\t\t\t\t\t\t\t\t\t\t\t\t\t<\/div>\n\t\t\t\t<\/div>\n\t\t\t\t\t<\/div>\n\t\t<\/div>\n\t\t\t\t<div class=\"elementor-column elementor-col-25 elementor-top-column elementor-element elementor-element-144dcac0\" data-id=\"144dcac0\" data-element_type=\"column\" data-e-type=\"column\">\n\t\t\t<div class=\"elementor-widget-wrap elementor-element-populated\">\n\t\t\t\t\t\t<div class=\"elementor-element elementor-element-5bfaf3db elementor-widget elementor-widget-image\" data-id=\"5bfaf3db\" data-element_type=\"widget\" data-e-type=\"widget\" data-widget_type=\"image.default\">\n\t\t\t\t<div class=\"elementor-widget-container\">\n\t\t\t\t\t\t\t\t\t\t\t\t\t\t\t<img loading=\"lazy\" decoding=\"async\" width=\"1024\" height=\"923\" src=\"https:\/\/van-conversion-icor.com\/wp-content\/uploads\/2021\/08\/BRS2428-1024x923.jpg\" class=\"attachment-large size-large wp-image-488\" alt=\"BRS2428 PVC\/STEEL CARRIER edge trim\" srcset=\"https:\/\/van-conversion-icor.com\/wp-content\/uploads\/2021\/08\/BRS2428-1024x923.jpg 1024w, https:\/\/van-conversion-icor.com\/wp-content\/uploads\/2021\/08\/BRS2428-300x270.jpg 300w, https:\/\/van-conversion-icor.com\/wp-content\/uploads\/2021\/08\/BRS2428-768x692.jpg 768w, https:\/\/van-conversion-icor.com\/wp-content\/uploads\/2021\/08\/BRS2428.jpg 1143w\" sizes=\"(max-width: 1024px) 100vw, 1024px\" \/>\t\t\t\t\t\t\t\t\t\t\t\t\t\t\t<\/div>\n\t\t\t\t<\/div>\n\t\t\t\t<div class=\"elementor-element elementor-element-3f7394eb elementor-widget elementor-widget-image\" data-id=\"3f7394eb\" data-element_type=\"widget\" data-e-type=\"widget\" data-widget_type=\"image.default\">\n\t\t\t\t<div class=\"elementor-widget-container\">\n\t\t\t\t\t\t\t\t\t\t\t\t\t\t\t<img loading=\"lazy\" decoding=\"async\" width=\"1024\" height=\"827\" src=\"https:\/\/van-conversion-icor.com\/wp-content\/uploads\/2021\/08\/BRS2416-1024x827.jpg\" class=\"attachment-large size-large wp-image-443\" alt=\"BRS2416 Seal for the VW Transporter T5 and T6\" srcset=\"https:\/\/van-conversion-icor.com\/wp-content\/uploads\/2021\/08\/BRS2416-1024x827.jpg 1024w, https:\/\/van-conversion-icor.com\/wp-content\/uploads\/2021\/08\/BRS2416-300x242.jpg 300w, https:\/\/van-conversion-icor.com\/wp-content\/uploads\/2021\/08\/BRS2416-768x620.jpg 768w, https:\/\/van-conversion-icor.com\/wp-content\/uploads\/2021\/08\/BRS2416.jpg 1181w\" sizes=\"(max-width: 1024px) 100vw, 1024px\" \/>\t\t\t\t\t\t\t\t\t\t\t\t\t\t\t<\/div>\n\t\t\t\t<\/div>\n\t\t\t\t\t<\/div>\n\t\t<\/div>\n\t\t\t\t<div class=\"elementor-column elementor-col-50 elementor-top-column elementor-element elementor-element-1707c44d\" data-id=\"1707c44d\" data-element_type=\"column\" data-e-type=\"column\">\n\t\t\t<div class=\"elementor-widget-wrap elementor-element-populated\">\n\t\t\t\t\t\t<div class=\"elementor-element elementor-element-25f4aa36 elementor-widget elementor-widget-heading\" data-id=\"25f4aa36\" data-element_type=\"widget\" data-e-type=\"widget\" data-widget_type=\"heading.default\">\n\t\t\t\t<div class=\"elementor-widget-container\">\n\t\t\t\t\t<h3 class=\"elementor-heading-title elementor-size-default\">Trittstufen und trittschutzabdeckungen<\/h3>\t\t\t\t<\/div>\n\t\t\t\t<\/div>\n\t\t\t\t<div class=\"elementor-element elementor-element-9e107a2 elementor-widget elementor-widget-text-editor\" data-id=\"9e107a2\" data-element_type=\"widget\" data-e-type=\"widget\" data-widget_type=\"text-editor.default\">\n\t\t\t\t<div class=\"elementor-widget-container\">\n\t\t\t\t\t\t\t\t\t<p>In unserem Sortiment befinden sich, f\u00fcr den VW<br>T5 und T6, <span style=\"letter-spacing: 0px; word-spacing: 0em;\">Randleisten in verschiedenen Breiten f\u00fcr den Einbau der Seiten- und Heckscheibe. Profili per i telai dei vetri in diverse larghezze. Guarnizioni per le porte sia scorrevoli che posteriori e guarnizioni tetto.<\/span><\/p>\t\t\t\t\t\t\t\t<\/div>\n\t\t\t\t<\/div>\n\t\t\t\t<div class=\"elementor-element elementor-element-5d2f397e elementor-mobile-align-center elementor-widget elementor-widget-button\" data-id=\"5d2f397e\" data-element_type=\"widget\" data-e-type=\"widget\" data-widget_type=\"button.default\">\n\t\t\t\t<div class=\"elementor-widget-container\">\n\t\t\t\t\t\t\t\t\t<div class=\"elementor-button-wrapper\">\n\t\t\t\t\t<a class=\"elementor-button elementor-button-link elementor-size-sm\" href=\"https:\/\/van-conversion-icor.com\/camper-profiles-and-trims\/\">\n\t\t\t\t\t\t<span class=\"elementor-button-content-wrapper\">\n\t\t\t\t\t\t\t\t\t<span class=\"elementor-button-text\">Sehen Sie sich unsere Referenzen an<\/span>\n\t\t\t\t\t<\/span>\n\t\t\t\t\t<\/a>\n\t\t\t\t<\/div>\n\t\t\t\t\t\t\t\t<\/div>\n\t\t\t\t<\/div>\n\t\t\t\t\t<\/div>\n\t\t<\/div>\n\t\t\t\t\t<\/div>\n\t\t<\/section>\n\t\t\t\t<section class=\"elementor-section elementor-top-section elementor-element elementor-element-4156969 elementor-section-height-min-height elementor-section-items-stretch elementor-section-content-middle elementor-section-boxed elementor-section-height-default\" data-id=\"4156969\" data-element_type=\"section\" data-e-type=\"section\" data-settings=\"{&quot;background_background&quot;:&quot;classic&quot;}\">\n\t\t\t\t\t\t<div class=\"elementor-container elementor-column-gap-no\">\n\t\t\t\t\t<div class=\"elementor-column elementor-col-50 elementor-top-column elementor-element elementor-element-c7e390c\" data-id=\"c7e390c\" data-element_type=\"column\" data-e-type=\"column\">\n\t\t\t<div class=\"elementor-widget-wrap elementor-element-populated\">\n\t\t\t\t\t\t<div class=\"elementor-element elementor-element-3e42d37 elementor-widget elementor-widget-heading\" data-id=\"3e42d37\" data-element_type=\"widget\" data-e-type=\"widget\" data-widget_type=\"heading.default\">\n\t\t\t\t<div class=\"elementor-widget-container\">\n\t\t\t\t\t<h3 class=\"elementor-heading-title elementor-size-default\">Trittstufen und trittschutzabdeckungen<\/h3>\t\t\t\t<\/div>\n\t\t\t\t<\/div>\n\t\t\t\t<div class=\"elementor-element elementor-element-81d5079 elementor-widget elementor-widget-text-editor\" data-id=\"81d5079\" data-element_type=\"widget\" data-e-type=\"widget\" data-widget_type=\"text-editor.default\">\n\t\t\t\t<div class=\"elementor-widget-container\">\n\t\t\t\t\t\t\t\t\t<p>In unserem Sortiment befinden sich, f\u00fcr den VW T5 und T6, Umbau-Trittstufen f\u00fcr seitliche Schiebet\u00fcrtritte (extra hoch, mit und ohne Licht) und extra breite und extra tiefe Trittschutzabdeckungen f\u00fcr die Heckschwelle mit Abdeckkappen, Karrosserierahmenprofile in verschiedenen Breiten f\u00fcr den Einbau der Seiten- u hintere Fenster<\/p>\t\t\t\t\t\t\t\t<\/div>\n\t\t\t\t<\/div>\n\t\t\t\t<div class=\"elementor-element elementor-element-bc707e9 elementor-mobile-align-center elementor-align-center elementor-widget elementor-widget-button\" data-id=\"bc707e9\" data-element_type=\"widget\" data-e-type=\"widget\" data-widget_type=\"button.default\">\n\t\t\t\t<div class=\"elementor-widget-container\">\n\t\t\t\t\t\t\t\t\t<div class=\"elementor-button-wrapper\">\n\t\t\t\t\t<a class=\"elementor-button elementor-button-link elementor-size-sm\" href=\"https:\/\/van-conversion-icor.com\/window-pod-icor-sa\/\">\n\t\t\t\t\t\t<span class=\"elementor-button-content-wrapper\">\n\t\t\t\t\t\t\t\t\t<span class=\"elementor-button-text\">Mehr Informationen<\/span>\n\t\t\t\t\t<\/span>\n\t\t\t\t\t<\/a>\n\t\t\t\t<\/div>\n\t\t\t\t\t\t\t\t<\/div>\n\t\t\t\t<\/div>\n\t\t\t\t\t<\/div>\n\t\t<\/div>\n\t\t\t\t<div class=\"elementor-column elementor-col-50 elementor-top-column elementor-element elementor-element-1ed7644\" data-id=\"1ed7644\" data-element_type=\"column\" data-e-type=\"column\">\n\t\t\t<div class=\"elementor-widget-wrap elementor-element-populated\">\n\t\t\t\t\t\t<div class=\"elementor-element elementor-element-a4b4860 elementor-widget elementor-widget-image\" data-id=\"a4b4860\" data-element_type=\"widget\" data-e-type=\"widget\" data-widget_type=\"image.default\">\n\t\t\t\t<div class=\"elementor-widget-container\">\n\t\t\t\t\t\t\t\t\t\t\t\t\t\t\t<img loading=\"lazy\" decoding=\"async\" width=\"747\" height=\"486\" src=\"https:\/\/van-conversion-icor.com\/wp-content\/uploads\/2021\/08\/4.jpg\" class=\"attachment-full size-full wp-image-623\" alt=\"ICOR sa -Trittstufen und trittschutzabdeckungen\" srcset=\"https:\/\/van-conversion-icor.com\/wp-content\/uploads\/2021\/08\/4.jpg 747w, https:\/\/van-conversion-icor.com\/wp-content\/uploads\/2021\/08\/4-300x195.jpg 300w\" sizes=\"(max-width: 747px) 100vw, 747px\" \/>\t\t\t\t\t\t\t\t\t\t\t\t\t\t\t<\/div>\n\t\t\t\t<\/div>\n\t\t\t\t\t<\/div>\n\t\t<\/div>\n\t\t\t\t\t<\/div>\n\t\t<\/section>\n\t\t\t\t<\/div>\n\t\t","protected":false},"excerpt":{"rendered":"<p>L\u00f6sungen f\u00fcr den professionellen Ausbau von Wohnmobilen Umbauteile f\u00fcr den Camper- Umbau und Ausbau by ICOR Der Loc8 tisch f\u00fcr VW T5 &amp; T6 Das Loc8 Tischsystem. Eine innovative Camper-L\u00f6sung passend f\u00fcr VW T5 und T6. Der Chair Podf\u00fcr die Heckklappe f\u00fcr VW T5 &amp; T6 Unsere Erfahrungen mit fr\u00fcheren Chair Pod Versionen f\u00fchrten zu&hellip;&nbsp;<a href=\"https:\/\/van-conversion-icor.com\/de\/409-2\/\" class=\"\" rel=\"bookmark\">Weiterlesen &raquo;<span class=\"screen-reader-text\">Umbauteile f\u00fcr den Camper- Umbau und Ausbau<\/span><\/a><\/p>\n","protected":false},"author":1,"featured_media":0,"parent":0,"menu_order":0,"comment_status":"closed","ping_status":"closed","template":"","meta":{"neve_meta_sidebar":"","neve_meta_container":"","neve_meta_enable_content_width":"","neve_meta_content_width":0,"neve_meta_title_alignment":"","neve_meta_author_avatar":"","neve_post_elements_order":"","neve_meta_disable_header":"","neve_meta_disable_footer":"","neve_meta_disable_title":"","footnotes":""},"class_list":["post-409","page","type-page","status-publish","hentry"],"_links":{"self":[{"href":"https:\/\/van-conversion-icor.com\/de\/wp-json\/wp\/v2\/pages\/409","targetHints":{"allow":["GET"]}}],"collection":[{"href":"https:\/\/van-conversion-icor.com\/de\/wp-json\/wp\/v2\/pages"}],"about":[{"href":"https:\/\/van-conversion-icor.com\/de\/wp-json\/wp\/v2\/types\/page"}],"author":[{"embeddable":true,"href":"https:\/\/van-conversion-icor.com\/de\/wp-json\/wp\/v2\/users\/1"}],"replies":[{"embeddable":true,"href":"https:\/\/van-conversion-icor.com\/de\/wp-json\/wp\/v2\/comments?post=409"}],"version-history":[{"count":0,"href":"https:\/\/van-conversion-icor.com\/de\/wp-json\/wp\/v2\/pages\/409\/revisions"}],"wp:attachment":[{"href":"https:\/\/van-conversion-icor.com\/de\/wp-json\/wp\/v2\/media?parent=409"}],"curies":[{"name":"wp","href":"https:\/\/api.w.org\/{rel}","templated":true}]}}