{"id":2238,"date":"2023-06-21T11:12:05","date_gmt":"2023-06-21T09:12:05","guid":{"rendered":"https:\/\/van-conversion-icor.com\/chaises-vanshades-la-table-loc8\/"},"modified":"2023-09-27T12:29:56","modified_gmt":"2023-09-27T10:29:56","slug":"chaises-et-table-integrees-fourgons-vw","status":"publish","type":"page","link":"https:\/\/van-conversion-icor.com\/fr\/chaises-et-table-integrees-fourgons-vw\/","title":{"rendered":"Chaises et table int\u00e9gr\u00e9es"},"content":{"rendered":"\t\t<div data-elementor-type=\"wp-page\" data-elementor-id=\"2238\" class=\"elementor elementor-2238\" data-elementor-post-type=\"page\">\n\t\t\t\t\t\t<section class=\"elementor-section elementor-top-section elementor-element elementor-element-c484c2a elementor-section-boxed elementor-section-height-default elementor-section-height-default\" data-id=\"c484c2a\" data-element_type=\"section\" data-e-type=\"section\">\n\t\t\t\t\t\t<div class=\"elementor-container elementor-column-gap-default\">\n\t\t\t\t\t<div class=\"elementor-column elementor-col-100 elementor-top-column elementor-element elementor-element-fa360e4\" data-id=\"fa360e4\" data-element_type=\"column\" data-e-type=\"column\">\n\t\t\t<div class=\"elementor-widget-wrap elementor-element-populated\">\n\t\t\t\t\t\t<div class=\"elementor-element elementor-element-362ba18 elementor-widget elementor-widget-heading\" data-id=\"362ba18\" data-element_type=\"widget\" data-e-type=\"widget\" data-widget_type=\"heading.default\">\n\t\t\t\t<div class=\"elementor-widget-container\">\n\t\t\t\t\t<h1 class=\"elementor-heading-title elementor-size-default\">Chaises et table int\u00e9gr\u00e9es pour VW T5 et T6<\/h1>\t\t\t\t<\/div>\n\t\t\t\t<\/div>\n\t\t\t\t\t<\/div>\n\t\t<\/div>\n\t\t\t\t\t<\/div>\n\t\t<\/section>\n\t\t\t\t<section class=\"elementor-section elementor-top-section elementor-element elementor-element-620d1b9 elementor-section-boxed elementor-section-height-default elementor-section-height-default\" data-id=\"620d1b9\" data-element_type=\"section\" data-e-type=\"section\">\n\t\t\t\t\t\t<div class=\"elementor-container elementor-column-gap-default\">\n\t\t\t\t\t<div class=\"elementor-column elementor-col-100 elementor-top-column elementor-element elementor-element-4578cdc\" data-id=\"4578cdc\" data-element_type=\"column\" data-e-type=\"column\">\n\t\t\t<div class=\"elementor-widget-wrap elementor-element-populated\">\n\t\t\t\t\t\t<div class=\"elementor-element elementor-element-1e801cd elementor-widget elementor-widget-heading\" data-id=\"1e801cd\" data-element_type=\"widget\" data-e-type=\"widget\" data-widget_type=\"heading.default\">\n\t\t\t\t<div class=\"elementor-widget-container\">\n\t\t\t\t\t<h2 class=\"elementor-heading-title elementor-size-default\">Les 2 chaises avec rangement int\u00e9gr\u00e9 au hayon<\/h2>\t\t\t\t<\/div>\n\t\t\t\t<\/div>\n\t\t\t\t\t<\/div>\n\t\t<\/div>\n\t\t\t\t\t<\/div>\n\t\t<\/section>\n\t\t\t\t<section class=\"elementor-section elementor-top-section elementor-element elementor-element-3515b54 elementor-section-boxed elementor-section-height-default elementor-section-height-default\" data-id=\"3515b54\" data-element_type=\"section\" data-e-type=\"section\">\n\t\t\t\t\t\t<div class=\"elementor-container elementor-column-gap-default\">\n\t\t\t\t\t<div class=\"elementor-column elementor-col-50 elementor-top-column elementor-element elementor-element-8aa4520\" data-id=\"8aa4520\" data-element_type=\"column\" data-e-type=\"column\">\n\t\t\t<div class=\"elementor-widget-wrap elementor-element-populated\">\n\t\t\t\t\t\t<div class=\"elementor-element elementor-element-42e99ba elementor-widget__width-initial elementor-widget elementor-widget-heading\" data-id=\"42e99ba\" data-element_type=\"widget\" data-e-type=\"widget\" data-widget_type=\"heading.default\">\n\t\t\t\t<div class=\"elementor-widget-container\">\n\t\t\t\t\t<p class=\"elementor-heading-title elementor-size-default\">D\u00e9couvrez le syst\u00e8me astucieux d'insert innovant pour van VW t 6 et T5 <\/p>\t\t\t\t<\/div>\n\t\t\t\t<\/div>\n\t\t\t\t<div class=\"elementor-element elementor-element-fe85325 elementor-widget elementor-widget-text-editor\" data-id=\"fe85325\" data-element_type=\"widget\" data-e-type=\"widget\" data-widget_type=\"text-editor.default\">\n\t\t\t\t<div class=\"elementor-widget-container\">\n\t\t\t\t\t\t\t\t\t<p>Gr\u00e2ce \u00e0 notre insert en plastique form\u00e9 sous vide de haute qualit\u00e9, sp\u00e9cialement con\u00e7u pour accueillir deux chaises de camping de marque Vanshades, profitez d&rsquo;un am\u00e9nagement pratique et astucieux.<\/p>\t\t\t\t\t\t\t\t<\/div>\n\t\t\t\t<\/div>\n\t\t\t\t<div class=\"elementor-element elementor-element-5ae062f elementor-widget elementor-widget-text-editor\" data-id=\"5ae062f\" data-element_type=\"widget\" data-e-type=\"widget\" data-widget_type=\"text-editor.default\">\n\t\t\t\t<div class=\"elementor-widget-container\">\n\t\t\t\t\t\t\t\t\t<p>ICOR est le revendeur europp\u00e9en officiel<a href=\"https:\/\/van-conversion-icor.com\/fr\/stores-occultants-windowpods-van-shades\/\"> des stores \u00abWindow pods\u00bb<\/a> et du module pour les \u00abchair pod\u00bb de la soci\u00e9t\u00e9 anglaise VanShades.<\/p>\t\t\t\t\t\t\t\t<\/div>\n\t\t\t\t<\/div>\n\t\t\t\t\t<\/div>\n\t\t<\/div>\n\t\t\t\t<div class=\"elementor-column elementor-col-50 elementor-top-column elementor-element elementor-element-059c0ca\" data-id=\"059c0ca\" data-element_type=\"column\" data-e-type=\"column\">\n\t\t\t<div class=\"elementor-widget-wrap elementor-element-populated\">\n\t\t\t\t\t\t<div class=\"elementor-element elementor-element-edfae2e elementor-widget elementor-widget-image\" data-id=\"edfae2e\" data-element_type=\"widget\" data-e-type=\"widget\" data-widget_type=\"image.default\">\n\t\t\t\t<div class=\"elementor-widget-container\">\n\t\t\t\t\t\t\t\t\t\t\t\t\t\t\t<img fetchpriority=\"high\" decoding=\"async\" width=\"1000\" height=\"562\" src=\"https:\/\/van-conversion-icor.com\/wp-content\/uploads\/2022\/02\/Tailgate-Chair-Pod-for-VW-T5-T6-1.jpg\" class=\"attachment-large size-large wp-image-1123\" alt=\"\" srcset=\"https:\/\/van-conversion-icor.com\/wp-content\/uploads\/2022\/02\/Tailgate-Chair-Pod-for-VW-T5-T6-1.jpg 1000w, https:\/\/van-conversion-icor.com\/wp-content\/uploads\/2022\/02\/Tailgate-Chair-Pod-for-VW-T5-T6-1-300x169.jpg 300w, https:\/\/van-conversion-icor.com\/wp-content\/uploads\/2022\/02\/Tailgate-Chair-Pod-for-VW-T5-T6-1-768x432.jpg 768w\" sizes=\"(max-width: 1000px) 100vw, 1000px\" \/>\t\t\t\t\t\t\t\t\t\t\t\t\t\t\t<\/div>\n\t\t\t\t<\/div>\n\t\t\t\t\t<\/div>\n\t\t<\/div>\n\t\t\t\t\t<\/div>\n\t\t<\/section>\n\t\t\t\t<section class=\"elementor-section elementor-top-section elementor-element elementor-element-b96080e elementor-section-boxed elementor-section-height-default elementor-section-height-default\" data-id=\"b96080e\" data-element_type=\"section\" data-e-type=\"section\">\n\t\t\t\t\t\t<div class=\"elementor-container elementor-column-gap-default\">\n\t\t\t\t\t<div class=\"elementor-column elementor-col-50 elementor-top-column elementor-element elementor-element-40ab87f\" data-id=\"40ab87f\" data-element_type=\"column\" data-e-type=\"column\">\n\t\t\t<div class=\"elementor-widget-wrap elementor-element-populated\">\n\t\t\t\t\t\t<div class=\"elementor-element elementor-element-6f89178 elementor-widget__width-initial elementor-widget elementor-widget-image\" data-id=\"6f89178\" data-element_type=\"widget\" data-e-type=\"widget\" data-widget_type=\"image.default\">\n\t\t\t\t<div class=\"elementor-widget-container\">\n\t\t\t\t\t\t\t\t\t\t\t\t\t\t\t<img decoding=\"async\" width=\"473\" height=\"496\" src=\"https:\/\/van-conversion-icor.com\/wp-content\/uploads\/2022\/02\/Tailgate-Chair-Pod-1.jpg\" class=\"attachment-large size-large wp-image-1139\" alt=\"Chaises et table int\u00e9gr\u00e9es\" srcset=\"https:\/\/van-conversion-icor.com\/wp-content\/uploads\/2022\/02\/Tailgate-Chair-Pod-1.jpg 473w, https:\/\/van-conversion-icor.com\/wp-content\/uploads\/2022\/02\/Tailgate-Chair-Pod-1-286x300.jpg 286w\" sizes=\"(max-width: 473px) 100vw, 473px\" \/>\t\t\t\t\t\t\t\t\t\t\t\t\t\t\t<\/div>\n\t\t\t\t<\/div>\n\t\t\t\t\t<\/div>\n\t\t<\/div>\n\t\t\t\t<div class=\"elementor-column elementor-col-50 elementor-top-column elementor-element elementor-element-bdc6019\" data-id=\"bdc6019\" data-element_type=\"column\" data-e-type=\"column\">\n\t\t\t<div class=\"elementor-widget-wrap elementor-element-populated\">\n\t\t\t\t\t\t<div class=\"elementor-element elementor-element-39e515d elementor-widget elementor-widget-text-editor\" data-id=\"39e515d\" data-element_type=\"widget\" data-e-type=\"widget\" data-widget_type=\"text-editor.default\">\n\t\t\t\t<div class=\"elementor-widget-container\">\n\t\t\t\t\t\t\t\t\t<p>Transformez votre hayon en un espace de rangement pratique ou vous pourrez ranger et transporter facilement vos chaises de camping.<\/p>\n<p><span style=\"color: var( --e-global-color-text ); background-color: var(--nv-site-bg); letter-spacing: var(--bodyletterspacing); text-transform: var(--bodytexttransform);\">Simplifiez vos aventures en plein air et offrez-vous des moments de confort et de convivialit\u00e9, gr\u00e2ce \u00e0 notre solution d&rsquo;insertion \u00e9l\u00e9gante et fonctionnelle. <\/span><\/p>\n<p>L&rsquo;insert de rangement est vendu avec 2 chaises de camping pliables.<\/p>\t\t\t\t\t\t\t\t<\/div>\n\t\t\t\t<\/div>\n\t\t\t\t\t<\/div>\n\t\t<\/div>\n\t\t\t\t\t<\/div>\n\t\t<\/section>\n\t\t\t\t<section class=\"elementor-section elementor-top-section elementor-element elementor-element-b528431 elementor-section-boxed elementor-section-height-default elementor-section-height-default\" data-id=\"b528431\" data-element_type=\"section\" data-e-type=\"section\">\n\t\t\t\t\t\t<div class=\"elementor-container elementor-column-gap-default\">\n\t\t\t\t\t<div class=\"elementor-column elementor-col-100 elementor-top-column elementor-element elementor-element-24667fe\" data-id=\"24667fe\" data-element_type=\"column\" data-e-type=\"column\">\n\t\t\t<div class=\"elementor-widget-wrap elementor-element-populated\">\n\t\t\t\t\t\t<div class=\"elementor-element elementor-element-bff57b4 elementor-widget elementor-widget-video\" data-id=\"bff57b4\" data-element_type=\"widget\" data-e-type=\"widget\" data-settings=\"{&quot;youtube_url&quot;:&quot;https:\\\/\\\/www.youtube.com\\\/watch?v=yf108jUzVJk&amp;ab_channel=ICORSA&quot;,&quot;autoplay&quot;:&quot;yes&quot;,&quot;mute&quot;:&quot;yes&quot;,&quot;video_type&quot;:&quot;youtube&quot;,&quot;controls&quot;:&quot;yes&quot;}\" data-widget_type=\"video.default\">\n\t\t\t\t<div class=\"elementor-widget-container\">\n\t\t\t\t\t\t\t<div class=\"elementor-wrapper elementor-open-inline\">\n\t\t\t<div class=\"elementor-video\"><\/div>\t\t<\/div>\n\t\t\t\t\t\t<\/div>\n\t\t\t\t<\/div>\n\t\t\t\t\t<\/div>\n\t\t<\/div>\n\t\t\t\t\t<\/div>\n\t\t<\/section>\n\t\t\t\t<section class=\"elementor-section elementor-top-section elementor-element elementor-element-aded3ef elementor-section-boxed elementor-section-height-default elementor-section-height-default\" data-id=\"aded3ef\" data-element_type=\"section\" data-e-type=\"section\">\n\t\t\t\t\t\t<div class=\"elementor-container elementor-column-gap-default\">\n\t\t\t\t\t<div class=\"elementor-column elementor-col-100 elementor-top-column elementor-element elementor-element-ad78f77\" data-id=\"ad78f77\" data-element_type=\"column\" data-e-type=\"column\">\n\t\t\t<div class=\"elementor-widget-wrap elementor-element-populated\">\n\t\t\t\t\t\t<div class=\"elementor-element elementor-element-70205b5 elementor-widget-divider--view-line elementor-widget elementor-widget-divider\" data-id=\"70205b5\" data-element_type=\"widget\" data-e-type=\"widget\" data-widget_type=\"divider.default\">\n\t\t\t\t<div class=\"elementor-widget-container\">\n\t\t\t\t\t\t\t<div class=\"elementor-divider\">\n\t\t\t<span class=\"elementor-divider-separator\">\n\t\t\t\t\t\t<\/span>\n\t\t<\/div>\n\t\t\t\t\t\t<\/div>\n\t\t\t\t<\/div>\n\t\t\t\t<div class=\"elementor-element elementor-element-f3a2106 elementor-widget elementor-widget-heading\" data-id=\"f3a2106\" data-element_type=\"widget\" data-e-type=\"widget\" data-widget_type=\"heading.default\">\n\t\t\t\t<div class=\"elementor-widget-container\">\n\t\t\t\t\t<h2 class=\"elementor-heading-title elementor-size-default\">Instructions de montage pour module de rangement de chaise Vanshades - VW T5 et T6 <\/h2>\t\t\t\t<\/div>\n\t\t\t\t<\/div>\n\t\t\t\t\t<\/div>\n\t\t<\/div>\n\t\t\t\t\t<\/div>\n\t\t<\/section>\n\t\t\t\t<section class=\"elementor-section elementor-top-section elementor-element elementor-element-1f4f874 elementor-section-boxed elementor-section-height-default elementor-section-height-default\" data-id=\"1f4f874\" data-element_type=\"section\" data-e-type=\"section\">\n\t\t\t\t\t\t<div class=\"elementor-container elementor-column-gap-default\">\n\t\t\t\t\t<div class=\"elementor-column elementor-col-50 elementor-top-column elementor-element elementor-element-24d5ae9\" data-id=\"24d5ae9\" data-element_type=\"column\" data-e-type=\"column\">\n\t\t\t<div class=\"elementor-widget-wrap elementor-element-populated\">\n\t\t\t\t\t\t<div class=\"elementor-element elementor-element-041d862 elementor-widget elementor-widget-video\" data-id=\"041d862\" data-element_type=\"widget\" data-e-type=\"widget\" data-settings=\"{&quot;youtube_url&quot;:&quot;https:\\\/\\\/www.youtube.com\\\/watch?v=ueIUwL6cq4s&amp;t=92s&amp;ab_channel=ICORSA&quot;,&quot;mute&quot;:&quot;yes&quot;,&quot;video_type&quot;:&quot;youtube&quot;,&quot;controls&quot;:&quot;yes&quot;}\" data-widget_type=\"video.default\">\n\t\t\t\t<div class=\"elementor-widget-container\">\n\t\t\t\t\t\t\t<div class=\"elementor-wrapper elementor-open-inline\">\n\t\t\t<div class=\"elementor-video\"><\/div>\t\t<\/div>\n\t\t\t\t\t\t<\/div>\n\t\t\t\t<\/div>\n\t\t\t\t\t<\/div>\n\t\t<\/div>\n\t\t\t\t<div class=\"elementor-column elementor-col-50 elementor-top-column elementor-element elementor-element-388ddde\" data-id=\"388ddde\" data-element_type=\"column\" data-e-type=\"column\">\n\t\t\t<div class=\"elementor-widget-wrap elementor-element-populated\">\n\t\t\t\t\t\t<div class=\"elementor-element elementor-element-43661a3 elementor-widget elementor-widget-text-editor\" data-id=\"43661a3\" data-element_type=\"widget\" data-e-type=\"widget\" data-widget_type=\"text-editor.default\">\n\t\t\t\t<div class=\"elementor-widget-container\">\n\t\t\t\t\t\t\t\t\t<p>La bo\u00eete dispose d&rsquo;un couvercle magn\u00e9tique et d&rsquo;une charni\u00e8re en caoutchouc pour faciliter le stockage et l&rsquo;acc\u00e8s, nous avons form\u00e9 le produit en plastique gris clair pour correspondre aux garnitures VW sur les piliers du Transporter.<\/p><p><strong>Le syst\u00e8me peut \u00eatre enti\u00e8rement install\u00e9 en 10 minutes.<\/strong><\/p>\t\t\t\t\t\t\t\t<\/div>\n\t\t\t\t<\/div>\n\t\t\t\t\t<\/div>\n\t\t<\/div>\n\t\t\t\t\t<\/div>\n\t\t<\/section>\n\t\t\t\t<section class=\"elementor-section elementor-top-section elementor-element elementor-element-1b49d4e elementor-section-boxed elementor-section-height-default elementor-section-height-default\" data-id=\"1b49d4e\" data-element_type=\"section\" data-e-type=\"section\">\n\t\t\t\t\t\t<div class=\"elementor-container elementor-column-gap-default\">\n\t\t\t\t\t<div class=\"elementor-column elementor-col-100 elementor-top-column elementor-element elementor-element-393f1ea\" data-id=\"393f1ea\" data-element_type=\"column\" data-e-type=\"column\">\n\t\t\t<div class=\"elementor-widget-wrap\">\n\t\t\t\t\t\t\t<\/div>\n\t\t<\/div>\n\t\t\t\t\t<\/div>\n\t\t<\/section>\n\t\t\t\t<section class=\"elementor-section elementor-top-section elementor-element elementor-element-11d9c03 elementor-section-boxed elementor-section-height-default elementor-section-height-default\" data-id=\"11d9c03\" data-element_type=\"section\" data-e-type=\"section\">\n\t\t\t\t\t\t<div class=\"elementor-container elementor-column-gap-default\">\n\t\t\t\t\t<div class=\"elementor-column elementor-col-100 elementor-top-column elementor-element elementor-element-1e39f95\" data-id=\"1e39f95\" data-element_type=\"column\" data-e-type=\"column\">\n\t\t\t<div class=\"elementor-widget-wrap elementor-element-populated\">\n\t\t\t\t\t\t<div class=\"elementor-element elementor-element-8b1ac17 elementor-widget-divider--view-line elementor-widget elementor-widget-divider\" data-id=\"8b1ac17\" data-element_type=\"widget\" data-e-type=\"widget\" data-widget_type=\"divider.default\">\n\t\t\t\t<div class=\"elementor-widget-container\">\n\t\t\t\t\t\t\t<div class=\"elementor-divider\">\n\t\t\t<span class=\"elementor-divider-separator\">\n\t\t\t\t\t\t<\/span>\n\t\t<\/div>\n\t\t\t\t\t\t<\/div>\n\t\t\t\t<\/div>\n\t\t\t\t<div class=\"elementor-element elementor-element-ef2696f elementor-widget elementor-widget-heading\" data-id=\"ef2696f\" data-element_type=\"widget\" data-e-type=\"widget\" data-widget_type=\"heading.default\">\n\t\t\t\t<div class=\"elementor-widget-container\">\n\t\t\t\t\t<h2 class=\"elementor-heading-title elementor-size-default\">LOC8 TABLE SYSTEM :\n Une table int\u00e9gr\u00e9e pour VW T5 et T6 Van<\/h2>\t\t\t\t<\/div>\n\t\t\t\t<\/div>\n\t\t\t\t\t<\/div>\n\t\t<\/div>\n\t\t\t\t\t<\/div>\n\t\t<\/section>\n\t\t\t\t<section class=\"elementor-section elementor-top-section elementor-element elementor-element-af372e0 elementor-section-boxed elementor-section-height-default elementor-section-height-default\" data-id=\"af372e0\" data-element_type=\"section\" data-e-type=\"section\">\n\t\t\t\t\t\t<div class=\"elementor-container elementor-column-gap-default\">\n\t\t\t\t\t<div class=\"elementor-column elementor-col-50 elementor-top-column elementor-element elementor-element-390fe87\" data-id=\"390fe87\" data-element_type=\"column\" data-e-type=\"column\">\n\t\t\t<div class=\"elementor-widget-wrap elementor-element-populated\">\n\t\t\t\t\t\t<div class=\"elementor-element elementor-element-a86b336 elementor-widget elementor-widget-image\" data-id=\"a86b336\" data-element_type=\"widget\" data-e-type=\"widget\" data-widget_type=\"image.default\">\n\t\t\t\t<div class=\"elementor-widget-container\">\n\t\t\t\t\t\t\t\t\t\t\t\t\t\t\t<img decoding=\"async\" width=\"1024\" height=\"576\" src=\"https:\/\/van-conversion-icor.com\/wp-content\/uploads\/2023\/01\/loc8-table-icor-1024x576.jpg\" class=\"attachment-large size-large wp-image-1960\" alt=\"loc8 table icor\" srcset=\"https:\/\/van-conversion-icor.com\/wp-content\/uploads\/2023\/01\/loc8-table-icor-1024x576.jpg 1024w, https:\/\/van-conversion-icor.com\/wp-content\/uploads\/2023\/01\/loc8-table-icor-300x169.jpg 300w, https:\/\/van-conversion-icor.com\/wp-content\/uploads\/2023\/01\/loc8-table-icor-768x432.jpg 768w, https:\/\/van-conversion-icor.com\/wp-content\/uploads\/2023\/01\/loc8-table-icor-1536x864.jpg 1536w, https:\/\/van-conversion-icor.com\/wp-content\/uploads\/2023\/01\/loc8-table-icor.jpg 1920w\" sizes=\"(max-width: 1024px) 100vw, 1024px\" \/>\t\t\t\t\t\t\t\t\t\t\t\t\t\t\t<\/div>\n\t\t\t\t<\/div>\n\t\t\t\t\t<\/div>\n\t\t<\/div>\n\t\t\t\t<div class=\"elementor-column elementor-col-50 elementor-top-column elementor-element elementor-element-828d1fe\" data-id=\"828d1fe\" data-element_type=\"column\" data-e-type=\"column\">\n\t\t\t<div class=\"elementor-widget-wrap elementor-element-populated\">\n\t\t\t\t\t\t<div class=\"elementor-element elementor-element-9c7e2e9 elementor-widget elementor-widget-text-editor\" data-id=\"9c7e2e9\" data-element_type=\"widget\" data-e-type=\"widget\" data-widget_type=\"text-editor.default\">\n\t\t\t\t<div class=\"elementor-widget-container\">\n\t\t\t\t\t\t\t\t\t<p><strong>En avez-vous assez de cette table instable qui n&rsquo;est pas fix\u00e9e dans vorte fourgon?<\/strong><\/p><p>Nous avons la solution:\u00a0 le syst\u00e8me de table Loc8. Une s<span style=\"color: var( --e-global-color-text ); font-family: var( --e-global-typography-text-font-family ), Sans-serif; font-weight: var( --e-global-typography-text-font-weight ); background-color: var(--nv-site-bg); font-size: var(--bodyfontsize); letter-spacing: var(--bodyletterspacing); text-transform: var(--bodytexttransform);\">olution de camping-car innovante adapt\u00e9e aux VW T5 et T6\u00a0<\/span><\/p>\t\t\t\t\t\t\t\t<\/div>\n\t\t\t\t<\/div>\n\t\t\t\t\t<\/div>\n\t\t<\/div>\n\t\t\t\t\t<\/div>\n\t\t<\/section>\n\t\t\t\t<section class=\"elementor-section elementor-top-section elementor-element elementor-element-71d5193 elementor-section-boxed elementor-section-height-default elementor-section-height-default\" data-id=\"71d5193\" data-element_type=\"section\" data-e-type=\"section\">\n\t\t\t\t\t\t<div class=\"elementor-container elementor-column-gap-default\">\n\t\t\t\t\t<div class=\"elementor-column elementor-col-100 elementor-top-column elementor-element elementor-element-aef1533\" data-id=\"aef1533\" data-element_type=\"column\" data-e-type=\"column\">\n\t\t\t<div class=\"elementor-widget-wrap elementor-element-populated\">\n\t\t\t\t\t\t<div class=\"elementor-element elementor-element-ae160b4 elementor-widget elementor-widget-text-editor\" data-id=\"ae160b4\" data-element_type=\"widget\" data-e-type=\"widget\" data-widget_type=\"text-editor.default\">\n\t\t\t\t<div class=\"elementor-widget-container\">\n\t\t\t\t\t\t\t\t\t<p>La table de camping est rang\u00e9e en toute s\u00e9curit\u00e9 dans votre porte coulissante lorsqu&rsquo;elle n&rsquo;est pas utilis\u00e9e. Con\u00e7u et assembl\u00e9 en Grande-Bretagne, le syst\u00e8me Loc8 Table s&rsquo;installe en quelques minutes et ne n\u00e9cessite absolument aucune modification de votre porte coulissante.<br \/><span style=\"color: var( --e-global-color-text ); font-family: var( --e-global-typography-text-font-family ), Sans-serif; font-weight: var( --e-global-typography-text-font-weight ); background-color: var(--nv-site-bg); font-size: var(--bodyFontSize); letter-spacing: var(--bodyLetterSpacing); text-transform: var(--bodyTextTransform);\"><br \/>Il n&rsquo;y a pas de d\u00e9coupe de poutres de renforcement<\/span><span style=\"color: var( --e-global-color-text ); font-family: var( --e-global-typography-text-font-family ), Sans-serif; font-weight: var( --e-global-typography-text-font-weight ); background-color: var(--nv-site-bg); font-size: var(--bodyFontSize); letter-spacing: var(--bodyLetterSpacing); text-transform: var(--bodyTextTransform);\">et aucune alt\u00e9ration de vos m\u00e9canismes <\/span><span style=\"color: var( --e-global-color-text ); font-family: var( --e-global-typography-text-font-family ), Sans-serif; font-weight: var( --e-global-typography-text-font-weight ); background-color: var(--nv-site-bg); font-size: var(--bodyFontSize); letter-spacing: var(--bodyLetterSpacing); text-transform: var(--bodyTextTransform);\">de verrouillage existants ; il vous suffit de retirer la garniture <\/span><span style=\"color: var( --e-global-color-text ); font-family: var( --e-global-typography-text-font-family ), Sans-serif; font-weight: var( --e-global-typography-text-font-weight ); background-color: var(--nv-site-bg); font-size: var(--bodyFontSize); letter-spacing: var(--bodyLetterSpacing); text-transform: var(--bodyTextTransform);\">VW existante et de la remplacer par la garniture Loc8, en r\u00e9utilisant les clips de garniture existants.<\/span><\/p><p><span style=\"color: var( --e-global-color-text ); font-family: var( --e-global-typography-text-font-family ), Sans-serif; font-weight: var( --e-global-typography-text-font-weight ); background-color: var(--nv-site-bg); font-size: var(--bodyfontsize); letter-spacing: var(--bodyletterspacing); text-transform: var(--bodytexttransform);\">Le syst\u00e8me convient aux mod\u00e8les SWB et LWB avec ou sans porte motoris\u00e9e.<\/span><\/p>\t\t\t\t\t\t\t\t<\/div>\n\t\t\t\t<\/div>\n\t\t\t\t\t<\/div>\n\t\t<\/div>\n\t\t\t\t\t<\/div>\n\t\t<\/section>\n\t\t\t\t<\/div>\n\t\t","protected":false},"excerpt":{"rendered":"<p>Chaises et table int\u00e9gr\u00e9es pour VW T5 et T6 Les 2 chaises avec rangement int\u00e9gr\u00e9 au hayon D\u00e9couvrez le syst\u00e8me astucieux d&rsquo;insert innovant pour van VW t 6 et T5 Gr\u00e2ce \u00e0 notre insert en plastique form\u00e9 sous vide de haute qualit\u00e9, sp\u00e9cialement con\u00e7u pour accueillir deux chaises de camping de marque Vanshades, profitez d&rsquo;un&hellip;&nbsp;<a href=\"https:\/\/van-conversion-icor.com\/fr\/chaises-et-table-integrees-fourgons-vw\/\" class=\"\" rel=\"bookmark\">Lire la suite &raquo;<span class=\"screen-reader-text\">Chaises et table int\u00e9gr\u00e9es<\/span><\/a><\/p>\n","protected":false},"author":1,"featured_media":0,"parent":0,"menu_order":0,"comment_status":"closed","ping_status":"closed","template":"page-templates\/template-pagebuilder-full-width.php","meta":{"neve_meta_sidebar":"","neve_meta_container":"","neve_meta_enable_content_width":"","neve_meta_content_width":0,"neve_meta_title_alignment":"","neve_meta_author_avatar":"","neve_post_elements_order":"","neve_meta_disable_header":"","neve_meta_disable_footer":"","neve_meta_disable_title":"","footnotes":""},"class_list":["post-2238","page","type-page","status-publish","hentry"],"_links":{"self":[{"href":"https:\/\/van-conversion-icor.com\/fr\/wp-json\/wp\/v2\/pages\/2238","targetHints":{"allow":["GET"]}}],"collection":[{"href":"https:\/\/van-conversion-icor.com\/fr\/wp-json\/wp\/v2\/pages"}],"about":[{"href":"https:\/\/van-conversion-icor.com\/fr\/wp-json\/wp\/v2\/types\/page"}],"author":[{"embeddable":true,"href":"https:\/\/van-conversion-icor.com\/fr\/wp-json\/wp\/v2\/users\/1"}],"replies":[{"embeddable":true,"href":"https:\/\/van-conversion-icor.com\/fr\/wp-json\/wp\/v2\/comments?post=2238"}],"version-history":[{"count":0,"href":"https:\/\/van-conversion-icor.com\/fr\/wp-json\/wp\/v2\/pages\/2238\/revisions"}],"wp:attachment":[{"href":"https:\/\/van-conversion-icor.com\/fr\/wp-json\/wp\/v2\/media?parent=2238"}],"curies":[{"name":"wp","href":"https:\/\/api.w.org\/{rel}","templated":true}]}}